{"id":30479,"date":"2022-05-25T11:41:29","date_gmt":"2022-05-25T15:41:29","guid":{"rendered":"https:\/\/www.radial.com\/karrieren\/diversity-equity-inclusion"},"modified":"2025-06-20T12:01:53","modified_gmt":"2025-06-20T16:01:53","slug":"vielfalt-gerechtigkeit-und-inklusion","status":"publish","type":"page","link":"https:\/\/www.radial.com\/de\/menschen\/vielfalt-gerechtigkeit-und-inklusion","title":{"rendered":"Vielfalt, Gerechtigkeit und Inklusion (DE&#038;I)\u00a0"},"content":{"rendered":"\n<div class=\"page-wrapper\">\n\t\n\n<div class=\"landing-page\">\n\t\n\n<div class=\"landing-page-hero-area\" id=\"landing-page-hero-area\">\n\t\n\n\n<div class=\"hero-landing-block\">\n\t<div class=\"hero-landing-block__inner\">\n\t\t<div class=\"hero-landing-block__info\">\n\t\t\t<div class=\"hero-landing-block__info--inner\">\n\t\t\t<h1 class=\"hero-landing-block__title\">Vielfalt, Gerechtigkeit und Inklusion (DE&#038;I) innerhalb von Radial<\/h1>\n                            <h2 class=\"hero-landing-block__subtitle\">Gemeinsam schaffen wir mehr<\/h2>\n            \t\t\t\t\t\t\t<div class=\"hero-landing-block__summary\">\n\t\t\t\t\t<p><span class=\"NormalTextRun SCXW4475582 BCX0\">Wir verpflichten uns, ein mitf\u00fchlendes, respektvolles und ermutigendes Umfeld zu schaffen, um eine integrative Kultur f\u00fcreinander aufzubauen. Werd<\/span><span class=\"NormalTextRun SCXW4475582 BCX0\">e Teil unseres Teams, bring deine Karriere voran und sei du selbst &#8211; denn du geh\u00f6rst hierher.\u00a0<\/span><\/p>\n\t\t\t\t<\/div>\n\t\t\t\t\t\t\t\t\t\t<a class=\"hero-landing-block__cta button-primary light\" href=\"https:\/\/www.radial.com\/de\/menschen\" target=\"_self\">Finde deine Rolle<\/a>\t\t\t\t\t\t<\/div>\n\t\t<\/div>\n\t\t<div class=\"hero-landing-block__image\">\n\t\t\t<picture>\r\n<source data-image-size=\"hero_landing_small\" srcset=\"https:\/\/www.radial.com\/wp-content\/uploads\/2022\/08\/09\/diversity-equity-inclusion-aspect-ratio-3-2-342x228.jpg, https:\/\/www.radial.com\/wp-content\/uploads\/2022\/08\/09\/diversity-equity-inclusion-aspect-ratio-3-2-684x456.jpg 2x\" media=\"(max-width: 350px)\" type=\"image\/jpeg\">\r\n<source data-image-size=\"hero_landing_medium\" srcset=\"https:\/\/www.radial.com\/wp-content\/uploads\/2022\/08\/09\/diversity-equity-inclusion-aspect-ratio-3-2-705x470.jpg, https:\/\/www.radial.com\/wp-content\/uploads\/2022\/08\/09\/diversity-equity-inclusion-aspect-ratio-3-2-1410x940.jpg 2x\" media=\"(max-width: 715px)\" type=\"image\/jpeg\">\r\n<source data-image-size=\"hero_landing_medium_large\" srcset=\"https:\/\/www.radial.com\/wp-content\/uploads\/2022\/08\/09\/diversity-equity-inclusion-aspect-ratio-3-2-960x640.jpg\" media=\"(max-width: 1023px)\" type=\"image\/jpeg\">\r\n<source data-image-size=\"hero_landing_large\" srcset=\"https:\/\/www.radial.com\/wp-content\/uploads\/2022\/08\/09\/diversity-equity-inclusion-aspect-ratio-22-25-704x800.jpg, https:\/\/www.radial.com\/wp-content\/uploads\/2022\/08\/09\/diversity-equity-inclusion-aspect-ratio-22-25-1408x1600.jpg 2x\" media=\"(max-width: 1440px)\" type=\"image\/jpeg\">\r\n<source data-image-size=\"hero_landing_huge\" srcset=\"https:\/\/www.radial.com\/wp-content\/uploads\/2022\/08\/09\/diversity-equity-inclusion-aspect-ratio-22-25-946x1075.jpg\" type=\"image\/jpeg\">\r\n<img decoding=\"async\" alt=\"\" src=\"https:\/\/www.radial.com\/wp-content\/uploads\/2022\/08\/09\/diversity-equity-inclusion-aspect-ratio-22-25-704x800.jpg\">\r\n<\/picture>\t\t<\/div>\n\t<\/div>\n<\/div>\n\n<\/div>\n\n\n<div class=\"landing-page-block-area\">\n\t\n<div class=\"core-heading-block\" data-heading-level=\"2\">\n<h2 class=\"wp-block-heading\" id=\"h-werde-teil-eines-vielfaltigen-unterstutzten-und-globalen-teams\">Werde Teil eines vielf\u00e4ltigen, unterst\u00fctzten und globalen Teams<\/h2>\n<\/div>\n\n<div class=\"core-paragraph-block\">\n<p>Radial ist ein Ort, an dem Unterschiede willkommen sind, an dem verschiedene Perspektiven mit Respekt geh\u00f6rt werden und an dem sich jede\/r Einzelne zugeh\u00f6rig f\u00fchlt. Wir arbeiten aktiv an der Verbesserung einer Kultur der Inklusion und wissen, dass eine vielf\u00e4ltige Belegschaft unsere F\u00e4higkeit zur Innovation in jedem Bereich unseres Unternehmens verbessert.&nbsp;&nbsp;<\/p>\n<\/div>\n\n<div class=\"core-paragraph-block\">\n<p>Heute rekrutieren wir aktiv mit Hinblick auf Vielfalt und Inklusion. Wir investieren auch stark in interne Schulungen, Ressourcen und Unterst\u00fctzung, um sicherzustellen, dass alle Stimmen bei Radial geh\u00f6rt werden und dass die Besch\u00e4ftigten alles haben, was sie brauchen, um in einem sicheren Arbeitsumfeld erfolgreich zu sein.&nbsp;<\/p>\n<\/div>\n\n\n<div class=\"switchback-block left\">\n\t\t\t\t\t\t\t\t\t            <div class=\"switchback-block__outer dark\">\n                <div class=\"switchback-block__inner\">\n                    <div class=\"switchback-block__left animate\">\n\t\t\t\t\t\t\t\t\t\t\t\t\t<picture>\r\n<source data-image-size=\"switchback_small\" srcset=\"https:\/\/www.radial.com\/wp-content\/uploads\/2022\/08\/09\/dei-erg-aspect-ratio-1-1-350x350.jpg, https:\/\/www.radial.com\/wp-content\/uploads\/2022\/08\/09\/dei-erg-aspect-ratio-1-1-700x700.jpg 2x\" media=\"(max-width: 1280px)\" type=\"image\/jpeg\">\r\n<source data-image-size=\"switchback_large\" srcset=\"https:\/\/www.radial.com\/wp-content\/uploads\/2022\/08\/09\/dei-erg-aspect-ratio-1-1-518x518.jpg, https:\/\/www.radial.com\/wp-content\/uploads\/2022\/08\/09\/dei-erg-aspect-ratio-1-1-1036x1036.jpg 2x\" type=\"image\/jpeg\">\r\n<img decoding=\"async\" alt=\"\" src=\"https:\/\/www.radial.com\/wp-content\/uploads\/2022\/08\/09\/dei-erg-aspect-ratio-1-1-518x518.jpg\" loading=\"lazy\">\r\n<\/picture>\t\t\t\t\t\t                    <\/div>\n\n                    <div class=\"switchback-block__right animate\">\n\t\t\t\t\t\t                            <label class=\"switchback-block__eyebrow\">Interne Unterst\u00fctzung<\/label>\n\t\t\t\t\t\t\t\t\t\t\t\t                            <h2 class=\"switchback-block__title\">Belegschaftsressourcengruppen<\/h2>\n\t\t\t\t\t\t\t\t\t\t\t\t\t\t\t\t\t\t                            <div class=\"switchback-block__summary paragraph-block\"><p><span class=\"NormalTextRun SCXW138896070 BCX0\">Radial baut seine internen Bele<\/span><span class=\"NormalTextRun SCXW138896070 BCX0\">g<\/span><span class=\"NormalTextRun SCXW138896070 BCX0\">schaftsressourcengruppen (ERGs) weiter aus, die sich an gemeinsamen Erfahrungen, Identit\u00e4ten oder Zielen orientieren. ERGs bieten der Belegschaft eine neue M\u00f6glichkeit, sich zu vernetzen, K<\/span><span class=\"NormalTextRun SCXW138896070 BCX0\">ontakte zu kn\u00fcpfen, sich beruflich weiterzuentwickeln und das Bewusstsein f\u00fcr wichtige Themen innerhalb unserer Radial-Gemeinschaft zu sch\u00e4rfen. Durch diese Gruppen k\u00f6nnen die Besch\u00e4ftigten ihr pers\u00f6nliches und berufliches Potenzial weiter aussch\u00f6pfen.<\/span><\/p>\n<\/div>\n\t\t\t\t\t\t\n\t\t\t\t\t\t                    <\/div>\n                <\/div>\n            <\/div>\n\t\t\t\t\t\t\t\t            <div class=\"switchback-block__outer light\">\n                <div class=\"switchback-block__inner\">\n                    <div class=\"switchback-block__left animate\">\n\t\t\t\t\t\t\t\t\t\t\t\t\t<picture>\r\n<source data-image-size=\"switchback_small\" srcset=\"https:\/\/www.radial.com\/wp-content\/uploads\/2022\/08\/09\/dei-education-1-aspect-ratio-1-1-350x350.jpg, https:\/\/www.radial.com\/wp-content\/uploads\/2022\/08\/09\/dei-education-1-aspect-ratio-1-1-700x700.jpg 2x\" media=\"(max-width: 1280px)\" type=\"image\/jpeg\">\r\n<source data-image-size=\"switchback_large\" srcset=\"https:\/\/www.radial.com\/wp-content\/uploads\/2022\/08\/09\/dei-education-1-aspect-ratio-1-1-518x518.jpg, https:\/\/www.radial.com\/wp-content\/uploads\/2022\/08\/09\/dei-education-1-aspect-ratio-1-1-1036x1036.jpg 2x\" type=\"image\/jpeg\">\r\n<img decoding=\"async\" alt=\"\" src=\"https:\/\/www.radial.com\/wp-content\/uploads\/2022\/08\/09\/dei-education-1-aspect-ratio-1-1-518x518.jpg\" loading=\"lazy\">\r\n<\/picture>\t\t\t\t\t\t                    <\/div>\n\n                    <div class=\"switchback-block__right animate\">\n\t\t\t\t\t\t                            <label class=\"switchback-block__eyebrow\">Bildung f\u00fcr alle<\/label>\n\t\t\t\t\t\t\t\t\t\t\t\t                            <h2 class=\"switchback-block__title\">Inklusive Lernangebote<\/h2>\n\t\t\t\t\t\t\t\t\t\t\t\t\t\t\t\t\t\t                            <div class=\"switchback-block__summary paragraph-block\"><p><span class=\"NormalTextRun SCXW193245496 BCX0\">Zu unseren vielen internen DE&amp;I-Initiativen geh\u00f6rt auch ein Unterausschuss, der Fortbildungsm\u00f6glichkeiten anbietet, die eine Kultur beeinflussen, in der alle <\/span><span class=\"NormalTextRun SpellingErrorV2Themed SCXW193245496 BCX0\">Mitarbeiter<\/span><span class=\"NormalTextRun SpellingErrorV2Themed SCXW193245496 BCX0\">:innen<\/span><span class=\"NormalTextRun SCXW193245496 BCX0\"> f\u00fcrsorglich sind und sich gegenseitig akzeptieren. Wir wissen, dass sinnvolle Bildungserfahrungen die Besch\u00e4ftigten bef\u00e4higen k\u00f6nnen, gemeinsam an der F\u00f6rderung unserer Kultur der Inklusion zu arbeiten.<\/span><\/p>\n<\/div>\n\t\t\t\t\t\t\n\t\t\t\t\t\t                    <\/div>\n                <\/div>\n            <\/div>\n\t\t\t<\/div>\n\n\n<div class=\"switchback-block left\">\n\t\t\t\t\t\t\t\t\t            <div class=\"switchback-block__outer dark\">\n                <div class=\"switchback-block__inner\">\n                    <div class=\"switchback-block__left animate\">\n\t\t\t\t\t\t\t\t\t\t\t\t\t<picture>\r\n<source data-image-size=\"switchback_small\" srcset=\"https:\/\/www.radial.com\/wp-content\/uploads\/2022\/08\/09\/dei-communication-aspect-ratio-1-1-350x350.jpg, https:\/\/www.radial.com\/wp-content\/uploads\/2022\/08\/09\/dei-communication-aspect-ratio-1-1-700x700.jpg 2x\" media=\"(max-width: 1280px)\" type=\"image\/jpeg\">\r\n<source data-image-size=\"switchback_large\" srcset=\"https:\/\/www.radial.com\/wp-content\/uploads\/2022\/08\/09\/dei-communication-aspect-ratio-1-1-518x518.jpg, https:\/\/www.radial.com\/wp-content\/uploads\/2022\/08\/09\/dei-communication-aspect-ratio-1-1-1036x1036.jpg 2x\" type=\"image\/jpeg\">\r\n<img decoding=\"async\" alt=\"\" src=\"https:\/\/www.radial.com\/wp-content\/uploads\/2022\/08\/09\/dei-communication-aspect-ratio-1-1-518x518.jpg\" loading=\"lazy\">\r\n<\/picture>\t\t\t\t\t\t                    <\/div>\n\n                    <div class=\"switchback-block__right animate\">\n\t\t\t\t\t\t                            <label class=\"switchback-block__eyebrow\">Kommunikation und PR<\/label>\n\t\t\t\t\t\t\t\t\t\t\t\t                            <h2 class=\"switchback-block__title\">Unsere Stimme verst\u00e4rken<\/h2>\n\t\t\t\t\t\t\t\t\t\t\t\t\t\t\t\t\t\t                            <div class=\"switchback-block__summary paragraph-block\"><p><span class=\"NormalTextRun SCXW34129029 BCX0\">Wir wissen, dass unsere Stimme als Marke eine entscheidende Rolle dabei spielt, die <\/span><span class=\"NormalTextRun SCXW34129029 BCX0\">Einstellung und das Engagement f\u00fcr DE&amp;I auf jeder Ebene unserer Organisation zu beeinflussen &#8211; sowohl innerhalb als auch au\u00dferhalb von Radial. Unsere Kommunikations- und P<\/span><span class=\"NormalTextRun SCXW34129029 BCX0\">R-Initiative innerhalb unseres DE&amp;I-Beratungsausschusses arbeitet daran, dass unsere Werte geh\u00f6rt werden, wann und wo es darauf ankommt.<\/span><\/p>\n<\/div>\n\t\t\t\t\t\t\n\t\t\t\t\t\t                    <\/div>\n                <\/div>\n            <\/div>\n\t\t\t<\/div>\n\n<div class=\"call-to-action-block animate light\" is=\"call-to-action-block\">\n\t<div class=\"call-to-action-block__inner\">\n\n\t\t<div class=\"call-to-action-block__left\">\n            <div class=\"inner animate\">\n\t                                <h2 class=\"call-to-action-block__title\">Deine Stimme geh\u00f6rt zu Radial<\/h2>\n\t            \n\t                        <\/div>\n\t\t<\/div>\n\n\t\t<div class=\"call-to-action-block__right\">\n            <div class=\"inner animate animate\">\n\t                                <div class=\"call-to-action-block__summary\">\n\t\t\t            <p><span class=\"NormalTextRun SCXW42666973 BCX0\">Deine einzigartigen Erfahrungen und Perspektiven sind wichtig und wir k\u00f6nnen es kaum erwarten, von dir zu h\u00f6ren. Erkunde unsere regul\u00e4ren und saisonalen Stellenangebote, um eine Stelle zu finden, die dich pers\u00f6<\/span><span class=\"NormalTextRun SCXW42666973 BCX0\">nlich und beruflich weiterbringt.<\/span><\/p>\n                    <\/div>\n\t            \n\t                                <div class=\"call-to-action-block__cta\">\n\t\t\t            \t\t\t\t            <a class=\"button-primary dark-b\" href=\"https:\/\/radial.my.salesforce-sites.com\/careers\" target=\"_blank\">Alle offenen Stellen<\/a>\t\t\t            \n                    <\/div>\n\t                        <\/div>\n\t\t<\/div>\n\t<\/div>\n<\/div>\n\n\n\n<div class=\"info-cta\">\n    <div class=\"info-cta__inner\">\n        <div class=\"info-cta__left\">\n            <div class=\"info-cta__summary\">\n\t\t\t\t\t\t\t\t\t<p><span class=\"TextRun SCXW113212729 BCX0\" lang=\"DE-DE\" xml:lang=\"DE-DE\" data-contrast=\"auto\"><span class=\"NormalTextRun SCXW113212729 BCX0\">Fragen? Wir sind hier, um zu helfen.<\/span><\/span><\/p>\n\t\t\t\t            <\/div>\n        <\/div>\n\n                    <div class=\"info-cta__right\">\n                <a class=\"info-cta__cta button-primary light\" \n                href=\" https:\/\/www.radial.com\/de\/kontakt \"\n                    >\n                                            Kontakt aufnehmen                                    <\/a>\n            <\/div>\n            <\/div>\n<\/div>\n\n<\/div>\n<\/div>\n<\/div>","protected":false},"excerpt":{"rendered":"","protected":false},"author":1,"featured_media":0,"parent":28064,"menu_order":0,"comment_status":"closed","ping_status":"closed","template":"","meta":{"_acf_changed":false,"inline_featured_image":false,"footnotes":""},"class_list":["post-30479","page","type-page","status-publish","hentry"],"acf":[],"_links":{"self":[{"href":"https:\/\/www.radial.com\/de\/wp-json\/wp\/v2\/pages\/30479","targetHints":{"allow":["GET"]}}],"collection":[{"href":"https:\/\/www.radial.com\/de\/wp-json\/wp\/v2\/pages"}],"about":[{"href":"https:\/\/www.radial.com\/de\/wp-json\/wp\/v2\/types\/page"}],"author":[{"embeddable":true,"href":"https:\/\/www.radial.com\/de\/wp-json\/wp\/v2\/users\/1"}],"replies":[{"embeddable":true,"href":"https:\/\/www.radial.com\/de\/wp-json\/wp\/v2\/comments?post=30479"}],"version-history":[{"count":7,"href":"https:\/\/www.radial.com\/de\/wp-json\/wp\/v2\/pages\/30479\/revisions"}],"predecessor-version":[{"id":76321,"href":"https:\/\/www.radial.com\/de\/wp-json\/wp\/v2\/pages\/30479\/revisions\/76321"}],"up":[{"embeddable":true,"href":"https:\/\/www.radial.com\/de\/wp-json\/wp\/v2\/pages\/28064"}],"wp:attachment":[{"href":"https:\/\/www.radial.com\/de\/wp-json\/wp\/v2\/media?parent=30479"}],"curies":[{"name":"wp","href":"https:\/\/api.w.org\/{rel}","templated":true}]}}