{"id":71098,"date":"2025-03-02T14:44:41","date_gmt":"2025-03-02T19:44:41","guid":{"rendered":"https:\/\/www.radial.com\/?post_type=insight&#038;p=71098"},"modified":"2025-03-02T14:44:44","modified_gmt":"2025-03-02T19:44:44","slug":"internationale-skalierung-die-groesste-herausforderung-im-fulfillment","status":"publish","type":"insight","link":"https:\/\/www.radial.com\/de\/insights\/internationale-skalierung-die-groesste-herausforderung-im-fulfillment","title":{"rendered":"Internationale Skalierung: Die gr\u00f6\u00dfte Herausforderung im Fulfillment"},"content":{"rendered":"\n<div class=\"interior-page-block-area\">\n\t\n<div class=\"core-paragraph-block\">\n<p>Am 20. Februar 2025 lud <a href=\"https:\/\/www.linkedin.com\/company\/radial-europe\/posts\/?feedView=all&amp;viewAsMember=true\">Radial<\/a> f\u00fchrende Ecommerce-Experten und hochrangigen F\u00fchrungskr\u00e4ften zu einem exklusiven Event in Rotterdam ein. Die zentrale Erkenntnis: Die gr\u00f6\u00dfte Herausforderung im Fulfillment ist die internationale Skalierung \u2013 schlank, effizient und nachhaltig. Das Event verdeutlichte, wie wichtig L\u00f6sungen sind, die eine reibungslose grenz\u00fcberschreitende Expansion erm\u00f6glichen und gleichzeitig logistische Komplexit\u00e4ten bew\u00e4ltigen.<\/p>\n<\/div>\n\n<div class=\"core-paragraph-block\">\n<p>In einer ikonischen, stillgelegten Fabrik am <strong>Ufer der Maas<\/strong> bot die <strong>360\u00b0-Dome-Erfahrung <\/strong>eine au\u00dfergew\u00f6hnliche Gelegenheit zum Netzwerken, Lernen und Erkunden der Zukunft des Fulfillments \u2013 weit \u00fcber ein klassisches Business-Event hinaus.<\/p>\n<\/div>\n\n\n<div class=\"wp-block-columns is-layout-flex wp-container-core-columns-is-layout-9d6595d7 wp-block-columns-is-layout-flex\">\n<div class=\"wp-block-column is-layout-flow wp-block-column-is-layout-flow\">\n\n<div class=\"image\">\n\t\t\t<picture>\r\n<source data-image-size=\"image_block_small\" srcset=\"https:\/\/www.radial.com\/wp-content\/uploads\/2025\/03\/250220_Radial_Rotterdam-30_LQ-aspect-ratio-47-30-564x360.jpg, https:\/\/www.radial.com\/wp-content\/uploads\/2025\/03\/250220_Radial_Rotterdam-30_LQ-aspect-ratio-47-30-1128x720.jpg 2x\" media=\"(max-width: 600px)\" type=\"image\/jpeg\">\r\n<source data-image-size=\"image_block_large\" srcset=\"https:\/\/www.radial.com\/wp-content\/uploads\/2025\/03\/250220_Radial_Rotterdam-30_LQ-aspect-ratio-47-30-940x600.jpg\" type=\"image\/jpeg\">\r\n<img decoding=\"async\" alt=\"\" src=\"https:\/\/www.radial.com\/wp-content\/uploads\/2025\/03\/250220_Radial_Rotterdam-30_LQ-aspect-ratio-47-30-940x600.jpg\">\r\n<\/picture>\t\t\t<\/div><\/div>\n\n\n\n<div class=\"wp-block-column is-layout-flow wp-block-column-is-layout-flow\">\n\n<div class=\"image\">\n\t\t\t<picture>\r\n<source data-image-size=\"image_block_small\" srcset=\"https:\/\/www.radial.com\/wp-content\/uploads\/2025\/03\/250220_Radial_Rotterdam-31_LQ-aspect-ratio-47-30-1-564x360.jpg, https:\/\/www.radial.com\/wp-content\/uploads\/2025\/03\/250220_Radial_Rotterdam-31_LQ-aspect-ratio-47-30-1-1128x720.jpg 2x\" media=\"(max-width: 600px)\" type=\"image\/jpeg\">\r\n<source data-image-size=\"image_block_large\" srcset=\"https:\/\/www.radial.com\/wp-content\/uploads\/2025\/03\/250220_Radial_Rotterdam-31_LQ-aspect-ratio-47-30-1-940x600.jpg\" type=\"image\/jpeg\">\r\n<img decoding=\"async\" alt=\"\" src=\"https:\/\/www.radial.com\/wp-content\/uploads\/2025\/03\/250220_Radial_Rotterdam-31_LQ-aspect-ratio-47-30-1-940x600.jpg\">\r\n<\/picture>\t\t\t<\/div><\/div>\n<\/div>\n\n\n<div class=\"core-heading-block\" data-heading-level=\"2\">\n<h2 class=\"wp-block-heading\">Neue Trends und Kundenanforderungen<\/h2>\n<\/div>\n\n<div class=\"core-paragraph-block\">\n<p>Das Event bot wertvolle Einblicke in die gr\u00f6\u00dften Herausforderungen im Fulfillment sowie aufkommende Branchentrends. Dabei wurden zentrale Themen diskutiert, die die sich wandelnden Bed\u00fcrfnisse von Ecommerce-Unternehmen verdeutlichen:<\/p>\n<\/div>\n\n<div class=\"core-list-block\">\n<ul class=\"wp-block-list\">\n<li><strong>Betrugsschutz<\/strong> bei der <strong>Zustellung auf der letzten Meile<\/strong> in Frankreich (m\u00f6gliche L\u00f6sung: Unterschrift bei Zustellung).<\/li>\n\n\n\n<li><strong>Skalierung<\/strong> von einer <strong>nationalen<\/strong> auf eine <strong>l\u00e4nder\u00fcbergreifende<\/strong> <strong>Fulfillment<\/strong>-Strategie.<\/li>\n\n\n\n<li><strong>Nutzung von Zolllagern<\/strong>, um Steuer- und Zollvorteile zu maximieren.<\/li>\n\n\n\n<li>Komplexit\u00e4ten beim <strong>Markteintritt in die USA<\/strong>, insbesondere im aktuellen politischen und wirtschaftlichen Umfeld.<\/li>\n<\/ul>\n<\/div>\n\n<div class=\"core-paragraph-block\">\n<p>Zus\u00e4tzlich \u00e4u\u00dferten die Teilnehmer spezifische Herausforderungen, die ihr Gesch\u00e4ft beeintr\u00e4chtigen. Dazu geh\u00f6ren <strong>Betrug <\/strong>bei <strong>Paketlieferungen <\/strong>in Frankreich, <strong>versch\u00e4rfte Vorschriften<\/strong> zur <strong>Lagerung von Lithiumbatterien<\/strong> in den Niederlanden sowie <strong>unerwartete Preiserh\u00f6hungen<\/strong> durch Logistikdienstleister.<\/p>\n<\/div>\n\n\n<div class=\"wp-block-media-text is-stacked-on-mobile\"><figure class=\"wp-block-media-text__media\"><img fetchpriority=\"high\" decoding=\"async\" width=\"1024\" height=\"814\" src=\"https:\/\/www.radial.com\/files\/2024\/04\/30\/Erik-van-Dee-Profile-Picture-1024x814.jpg\" alt=\"\" class=\"wp-image-59864 size-full\" srcset=\"https:\/\/www.radial.com\/wp-content\/uploads\/2024\/04\/30\/Erik-van-Dee-Profile-Picture-1024x814.jpg 1024w, https:\/\/www.radial.com\/wp-content\/uploads\/2024\/04\/30\/Erik-van-Dee-Profile-Picture-300x238.jpg 300w, https:\/\/www.radial.com\/wp-content\/uploads\/2024\/04\/30\/Erik-van-Dee-Profile-Picture-768x610.jpg 768w, https:\/\/www.radial.com\/wp-content\/uploads\/2024\/04\/30\/Erik-van-Dee-Profile-Picture-1536x1220.jpg 1536w, https:\/\/www.radial.com\/wp-content\/uploads\/2024\/04\/30\/Erik-van-Dee-Profile-Picture-755x600.jpg 755w, https:\/\/www.radial.com\/wp-content\/uploads\/2024\/04\/30\/Erik-van-Dee-Profile-Picture-1510x1200.jpg 1510w, https:\/\/www.radial.com\/wp-content\/uploads\/2024\/04\/30\/Erik-van-Dee-Profile-Picture-453x360.jpg 453w, https:\/\/www.radial.com\/wp-content\/uploads\/2024\/04\/30\/Erik-van-Dee-Profile-Picture-906x720.jpg 906w, https:\/\/www.radial.com\/wp-content\/uploads\/2024\/04\/30\/Erik-van-Dee-Profile-Picture-378x300.jpg 378w, https:\/\/www.radial.com\/wp-content\/uploads\/2024\/04\/30\/Erik-van-Dee-Profile-Picture-790x628.jpg 790w, https:\/\/www.radial.com\/wp-content\/uploads\/2024\/04\/30\/Erik-van-Dee-Profile-Picture-941x748.jpg 941w, https:\/\/www.radial.com\/wp-content\/uploads\/2024\/04\/30\/Erik-van-Dee-Profile-Picture-289x230.jpg 289w, https:\/\/www.radial.com\/wp-content\/uploads\/2024\/04\/30\/Erik-van-Dee-Profile-Picture-579x460.jpg 579w, https:\/\/www.radial.com\/wp-content\/uploads\/2024\/04\/30\/Erik-van-Dee-Profile-Picture-503x400.jpg 503w, https:\/\/www.radial.com\/wp-content\/uploads\/2024\/04\/30\/Erik-van-Dee-Profile-Picture-1007x800.jpg 1007w, https:\/\/www.radial.com\/wp-content\/uploads\/2024\/04\/30\/Erik-van-Dee-Profile-Picture-310x246.jpg 310w, https:\/\/www.radial.com\/wp-content\/uploads\/2024\/04\/30\/Erik-van-Dee-Profile-Picture-619x492.jpg 619w, https:\/\/www.radial.com\/wp-content\/uploads\/2024\/04\/30\/Erik-van-Dee-Profile-Picture-415x330.jpg 415w, https:\/\/www.radial.com\/wp-content\/uploads\/2024\/04\/30\/Erik-van-Dee-Profile-Picture-831x660.jpg 831w, https:\/\/www.radial.com\/wp-content\/uploads\/2024\/04\/30\/Erik-van-Dee-Profile-Picture-566x450.jpg 566w, https:\/\/www.radial.com\/wp-content\/uploads\/2024\/04\/30\/Erik-van-Dee-Profile-Picture-1133x900.jpg 1133w, https:\/\/www.radial.com\/wp-content\/uploads\/2024\/04\/30\/Erik-van-Dee-Profile-Picture-387x307.jpg 387w, https:\/\/www.radial.com\/wp-content\/uploads\/2024\/04\/30\/Erik-van-Dee-Profile-Picture-774x615.jpg 774w, https:\/\/www.radial.com\/wp-content\/uploads\/2024\/04\/30\/Erik-van-Dee-Profile-Picture-94x75.jpg 94w, https:\/\/www.radial.com\/wp-content\/uploads\/2024\/04\/30\/Erik-van-Dee-Profile-Picture-189x150.jpg 189w, https:\/\/www.radial.com\/wp-content\/uploads\/2024\/04\/30\/Erik-van-Dee-Profile-Picture-181x144.jpg 181w, https:\/\/www.radial.com\/wp-content\/uploads\/2024\/04\/30\/Erik-van-Dee-Profile-Picture-362x288.jpg 362w, https:\/\/www.radial.com\/wp-content\/uploads\/2024\/04\/30\/Erik-van-Dee-Profile-Picture-246x195.jpg 246w, https:\/\/www.radial.com\/wp-content\/uploads\/2024\/04\/30\/Erik-van-Dee-Profile-Picture-492x391.jpg 492w, https:\/\/www.radial.com\/wp-content\/uploads\/2024\/04\/30\/Erik-van-Dee-Profile-Picture-157x125.jpg 157w, https:\/\/www.radial.com\/wp-content\/uploads\/2024\/04\/30\/Erik-van-Dee-Profile-Picture-315x250.jpg 315w, https:\/\/www.radial.com\/wp-content\/uploads\/2024\/04\/30\/Erik-van-Dee-Profile-Picture-629x500.jpg 629w, https:\/\/www.radial.com\/wp-content\/uploads\/2024\/04\/30\/Erik-van-Dee-Profile-Picture-469x373.jpg 469w, https:\/\/www.radial.com\/wp-content\/uploads\/2024\/04\/30\/Erik-van-Dee-Profile-Picture-938x745.jpg 938w, https:\/\/www.radial.com\/wp-content\/uploads\/2024\/04\/30\/Erik-van-Dee-Profile-Picture-1158x920.jpg 1158w, https:\/\/www.radial.com\/wp-content\/uploads\/2024\/04\/30\/Erik-van-Dee-Profile-Picture-287x228.jpg 287w, https:\/\/www.radial.com\/wp-content\/uploads\/2024\/04\/30\/Erik-van-Dee-Profile-Picture-574x456.jpg 574w, https:\/\/www.radial.com\/wp-content\/uploads\/2024\/04\/30\/Erik-van-Dee-Profile-Picture-946x752.jpg 946w, https:\/\/www.radial.com\/wp-content\/uploads\/2024\/04\/30\/Erik-van-Dee-Profile-Picture-704x559.jpg 704w, https:\/\/www.radial.com\/wp-content\/uploads\/2024\/04\/30\/Erik-van-Dee-Profile-Picture-1408x1119.jpg 1408w, https:\/\/www.radial.com\/wp-content\/uploads\/2024\/04\/30\/Erik-van-Dee-Profile-Picture-805x640.jpg 805w, https:\/\/www.radial.com\/wp-content\/uploads\/2024\/04\/30\/Erik-van-Dee-Profile-Picture-592x470.jpg 592w, https:\/\/www.radial.com\/wp-content\/uploads\/2024\/04\/30\/Erik-van-Dee-Profile-Picture-1183x940.jpg 1183w, https:\/\/www.radial.com\/wp-content\/uploads\/2024\/04\/30\/Erik-van-Dee-Profile-Picture-1290x1025.jpg 1290w, https:\/\/www.radial.com\/wp-content\/uploads\/2024\/04\/30\/Erik-van-Dee-Profile-Picture-644x512.jpg 644w, https:\/\/www.radial.com\/wp-content\/uploads\/2024\/04\/30\/Erik-van-Dee-Profile-Picture-1289x1024.jpg 1289w, https:\/\/www.radial.com\/wp-content\/uploads\/2024\/04\/30\/Erik-van-Dee-Profile-Picture-531x422.jpg 531w, https:\/\/www.radial.com\/wp-content\/uploads\/2024\/04\/30\/Erik-van-Dee-Profile-Picture-1062x844.jpg 1062w, https:\/\/www.radial.com\/wp-content\/uploads\/2024\/04\/30\/Erik-van-Dee-Profile-Picture-237x188.jpg 237w, https:\/\/www.radial.com\/wp-content\/uploads\/2024\/04\/30\/Erik-van-Dee-Profile-Picture-473x376.jpg 473w, https:\/\/www.radial.com\/wp-content\/uploads\/2024\/04\/30\/Erik-van-Dee-Profile-Picture-230x183.jpg 230w, https:\/\/www.radial.com\/wp-content\/uploads\/2024\/04\/30\/Erik-van-Dee-Profile-Picture-460x365.jpg 460w, https:\/\/www.radial.com\/wp-content\/uploads\/2024\/04\/30\/Erik-van-Dee-Profile-Picture-518x412.jpg 518w, https:\/\/www.radial.com\/wp-content\/uploads\/2024\/04\/30\/Erik-van-Dee-Profile-Picture-1036x823.jpg 1036w, https:\/\/www.radial.com\/wp-content\/uploads\/2024\/04\/30\/Erik-van-Dee-Profile-Picture-350x278.jpg 350w, https:\/\/www.radial.com\/wp-content\/uploads\/2024\/04\/30\/Erik-van-Dee-Profile-Picture-700x556.jpg 700w, https:\/\/www.radial.com\/wp-content\/uploads\/2024\/04\/30\/Erik-van-Dee-Profile-Picture-176x140.jpg 176w, https:\/\/www.radial.com\/wp-content\/uploads\/2024\/04\/30\/Erik-van-Dee-Profile-Picture-352x280.jpg 352w, https:\/\/www.radial.com\/wp-content\/uploads\/2024\/04\/30\/Erik-van-Dee-Profile-Picture-46x37.jpg 46w, https:\/\/www.radial.com\/wp-content\/uploads\/2024\/04\/30\/Erik-van-Dee-Profile-Picture-92x73.jpg 92w, https:\/\/www.radial.com\/wp-content\/uploads\/2024\/04\/30\/Erik-van-Dee-Profile-Picture.jpg 1582w\" sizes=\"(max-width: 1024px) 100vw, 1024px\" \/><\/figure><div class=\"wp-block-media-text__content\"><div class=\"core-paragraph-block\">\n<p><a href=\"https:\/\/www.linkedin.com\/in\/erikvandee\/\">Erik van Dee<\/a>, Vertriebsleiter bei Radial, betonte:<\/p>\n<\/div>\n\n<div class=\"core-paragraph-block\">\n<p><em>\u201eDie Erkenntnisse aus dem Event und die gekn\u00fcpften Kontakte werden entscheidend dabei helfen, unsere Strategie weiterzuentwickeln und Marken optimal bei ihrer Skalierung zu unterst\u00fctzen.\u201c<\/em><\/p>\n<\/div><\/div><\/div>\n\n\n\n<div class=\"wp-block-media-text has-media-on-the-right is-stacked-on-mobile\"><div class=\"wp-block-media-text__content\"><div class=\"core-paragraph-block\">\n<p><a href=\"https:\/\/www.linkedin.com\/in\/jeroenkammers\/\">Jeroen Kammers<\/a>, Vertriebsleiter bei Radial Europa, erg\u00e4nzte:<\/p>\n<\/div>\n\n<div class=\"core-paragraph-block\">\n<p><em>\u201eDie Welt des Ecommerce entwickelt sich weiter. Immer mehr Unternehmen setzen auf einen hybriden Ansatz, der eigene Webshops, physische Gesch\u00e4fte und europ\u00e4ische Marktpl\u00e4tze kombiniert, um Reichweite und Umsatz zu maximieren. Daf\u00fcr braucht es Logistikpartner mit Erfahrung in der Markterschlie\u00dfung, ausreichenden Lagerkapazit\u00e4ten und der F\u00e4higkeit, die erforderlichen <a href=\"https:\/\/www.radial.com\/eur\/ecommerce-fulfilment\/transportation-management\">Transportdienste<\/a> in Europa bereitzustellen.\u201c<\/em><\/p>\n<\/div><\/div><figure class=\"wp-block-media-text__media\"><img decoding=\"async\" width=\"800\" height=\"558\" src=\"https:\/\/www.radial.com\/files\/2025\/02\/Jeroen.jpg\" alt=\"\" class=\"wp-image-70577 size-full\" srcset=\"https:\/\/www.radial.com\/wp-content\/uploads\/2025\/02\/Jeroen.jpg 800w, https:\/\/www.radial.com\/wp-content\/uploads\/2025\/02\/Jeroen-300x209.jpg 300w, https:\/\/www.radial.com\/wp-content\/uploads\/2025\/02\/Jeroen-768x536.jpg 768w, https:\/\/www.radial.com\/wp-content\/uploads\/2025\/02\/Jeroen-516x360.jpg 516w, https:\/\/www.radial.com\/wp-content\/uploads\/2025\/02\/Jeroen-430x300.jpg 430w, https:\/\/www.radial.com\/wp-content\/uploads\/2025\/02\/Jeroen-330x230.jpg 330w, https:\/\/www.radial.com\/wp-content\/uploads\/2025\/02\/Jeroen-659x460.jpg 659w, https:\/\/www.radial.com\/wp-content\/uploads\/2025\/02\/Jeroen-573x400.jpg 573w, https:\/\/www.radial.com\/wp-content\/uploads\/2025\/02\/Jeroen-353x246.jpg 353w, https:\/\/www.radial.com\/wp-content\/uploads\/2025\/02\/Jeroen-705x492.jpg 705w, https:\/\/www.radial.com\/wp-content\/uploads\/2025\/02\/Jeroen-473x330.jpg 473w, https:\/\/www.radial.com\/wp-content\/uploads\/2025\/02\/Jeroen-645x450.jpg 645w, https:\/\/www.radial.com\/wp-content\/uploads\/2025\/02\/Jeroen-387x270.jpg 387w, https:\/\/www.radial.com\/wp-content\/uploads\/2025\/02\/Jeroen-774x540.jpg 774w, https:\/\/www.radial.com\/wp-content\/uploads\/2025\/02\/Jeroen-108x75.jpg 108w, https:\/\/www.radial.com\/wp-content\/uploads\/2025\/02\/Jeroen-215x150.jpg 215w, https:\/\/www.radial.com\/wp-content\/uploads\/2025\/02\/Jeroen-206x144.jpg 206w, https:\/\/www.radial.com\/wp-content\/uploads\/2025\/02\/Jeroen-413x288.jpg 413w, https:\/\/www.radial.com\/wp-content\/uploads\/2025\/02\/Jeroen-246x172.jpg 246w, https:\/\/www.radial.com\/wp-content\/uploads\/2025\/02\/Jeroen-492x343.jpg 492w, https:\/\/www.radial.com\/wp-content\/uploads\/2025\/02\/Jeroen-179x125.jpg 179w, https:\/\/www.radial.com\/wp-content\/uploads\/2025\/02\/Jeroen-358x250.jpg 358w, https:\/\/www.radial.com\/wp-content\/uploads\/2025\/02\/Jeroen-717x500.jpg 717w, https:\/\/www.radial.com\/wp-content\/uploads\/2025\/02\/Jeroen-469x327.jpg 469w, https:\/\/www.radial.com\/wp-content\/uploads\/2025\/02\/Jeroen-327x228.jpg 327w, https:\/\/www.radial.com\/wp-content\/uploads\/2025\/02\/Jeroen-654x456.jpg 654w, https:\/\/www.radial.com\/wp-content\/uploads\/2025\/02\/Jeroen-704x491.jpg 704w, https:\/\/www.radial.com\/wp-content\/uploads\/2025\/02\/Jeroen-674x470.jpg 674w, https:\/\/www.radial.com\/wp-content\/uploads\/2025\/02\/Jeroen-734x512.jpg 734w, https:\/\/www.radial.com\/wp-content\/uploads\/2025\/02\/Jeroen-605x422.jpg 605w, https:\/\/www.radial.com\/wp-content\/uploads\/2025\/02\/Jeroen-270x188.jpg 270w, https:\/\/www.radial.com\/wp-content\/uploads\/2025\/02\/Jeroen-539x376.jpg 539w, https:\/\/www.radial.com\/wp-content\/uploads\/2025\/02\/Jeroen-230x160.jpg 230w, https:\/\/www.radial.com\/wp-content\/uploads\/2025\/02\/Jeroen-460x321.jpg 460w, https:\/\/www.radial.com\/wp-content\/uploads\/2025\/02\/Jeroen-518x361.jpg 518w, https:\/\/www.radial.com\/wp-content\/uploads\/2025\/02\/Jeroen-350x244.jpg 350w, https:\/\/www.radial.com\/wp-content\/uploads\/2025\/02\/Jeroen-700x488.jpg 700w, https:\/\/www.radial.com\/wp-content\/uploads\/2025\/02\/Jeroen-176x123.jpg 176w, https:\/\/www.radial.com\/wp-content\/uploads\/2025\/02\/Jeroen-352x246.jpg 352w, https:\/\/www.radial.com\/wp-content\/uploads\/2025\/02\/Jeroen-46x32.jpg 46w, https:\/\/www.radial.com\/wp-content\/uploads\/2025\/02\/Jeroen-92x64.jpg 92w\" sizes=\"(max-width: 800px) 100vw, 800px\" \/><\/figure><\/div>\n\n\n<div class=\"core-heading-block\" data-heading-level=\"2\">\n<h2 class=\"wp-block-heading\">Fesselndes 360-Grad-Warenhausvideo<\/h2>\n<\/div>\n\n<div class=\"core-paragraph-block\">\n<p>Das <strong>360-Grad-Warenhausvideo von Radial<\/strong>, das auf der Decke des Domes pr\u00e4sentiert wurde, zog die Aufmerksamkeit der Teilnehmer auf sich. Es vermittelte eindrucksvoll die Leistungsf\u00e4higkeit von Radials Fulfillment-L\u00f6sungen.<\/p>\n<\/div>\n\n<div class=\"core-paragraph-block\">\n<p>Das Video zeigte das hochmoderne <a href=\"https:\/\/www.radial.com\/eur\/groningen\"><strong>Fulfillment-Zentrum in Groningen<\/strong><\/a> (Niederlande), eines der zentralen Lager innerhalb des Radial-Netzwerks in Europa und den USA. In dieser Anlage arbeiten 299 autonome mobile Roboter (AMRs) Seite an Seite mit den Mitarbeitern. Die Roboter optimieren Prozesse wie <strong>Beh\u00e4lter-zum-Mitarbeiter-, Paletten-zum-Mitarbeiter- und Transportabl\u00e4ufe<\/strong>, wodurch Produktivit\u00e4t und Pr\u00e4zision gesteigert werden. Dieses Warenhaus ist ein Beispiel f\u00fcr die erfolgreiche <a href=\"https:\/\/www.radial.com\/eur\/insights\/299-robots-to-amplify-the-human-potential\"><strong>Zusammenarbeit<\/strong><\/a> zwischen Radial Europa, <a href=\"https:\/\/www.dematic.com\/en-us\/\"><strong>Dematic<\/strong><\/a> (Spezialist f\u00fcr Lagerautomatisierung) und <a href=\"https:\/\/www.quicktron.com\/\"><strong>Quicktron Robotics<\/strong><\/a> (Hersteller autonomer mobiler Roboter).<\/p>\n<\/div>\n\n\n\n<div class=\"image\">\n\t\t\t<picture>\r\n<source data-image-size=\"image_block_small\" srcset=\"https:\/\/www.radial.com\/wp-content\/uploads\/2025\/03\/Rotterdam_1-aspect-ratio-47-30-564x360.jpeg, https:\/\/www.radial.com\/wp-content\/uploads\/2025\/03\/Rotterdam_1-aspect-ratio-47-30-1128x720.jpeg 2x\" media=\"(max-width: 600px)\" type=\"image\/jpeg\">\r\n<source data-image-size=\"image_block_large\" srcset=\"https:\/\/www.radial.com\/wp-content\/uploads\/2025\/03\/Rotterdam_1-aspect-ratio-47-30-940x600.jpeg\" type=\"image\/jpeg\">\r\n<img decoding=\"async\" alt=\"\" src=\"https:\/\/www.radial.com\/wp-content\/uploads\/2025\/03\/Rotterdam_1-aspect-ratio-47-30-940x600.jpeg\">\r\n<\/picture>\t\t\t<\/div>\n\n<div class=\"core-heading-block\" data-heading-level=\"2\">\n<h2 class=\"wp-block-heading\">Eine Ansprache, die den Wandel inspiriert<\/h2>\n<\/div>\n\n<div class=\"core-paragraph-block\">\n<p>Die dynamische Rede von <a href=\"https:\/\/www.radial.com\/eur\/insights\/fulfillment-through-innovation-the-journey-of-leonardo-avezzano\"><strong>Leonardo Avezzano<\/strong><\/a>, einem Geschichtenerz\u00e4hler, Fotografen und Entdecker, fand bei den Zuh\u00f6rern gro\u00dfen Anklang. Leonardo erz\u00e4hlte von seiner pers\u00f6nlichen Reise, auf der er Ver\u00e4nderungen annahm und \u00c4ngste in Chancen verwandelte.<\/p>\n<\/div>\n\n\n<div class=\"wp-block-media-text has-media-on-the-right is-stacked-on-mobile\"><div class=\"wp-block-media-text__content\"><div class=\"core-paragraph-block\">\n<p><em>Wie er erkl\u00e4rte:<\/em><\/p>\n<\/div>\n\n<div class=\"core-paragraph-block\">\n<p><em>\u201eAngst ist ein Zeichen daf\u00fcr, dass man unbekanntes Terrain betritt. Sie ist eine Bewusstseins-Superkraft.\u201c<\/em><\/p>\n<\/div><\/div><figure class=\"wp-block-media-text__media\"><img decoding=\"async\" width=\"1024\" height=\"682\" src=\"https:\/\/www.radial.com\/files\/2025\/02\/21\/Leonardo_Avezzano_5-1024x682.jpg\" alt=\"\" class=\"wp-image-70510 size-full\" srcset=\"https:\/\/www.radial.com\/wp-content\/uploads\/2025\/02\/21\/Leonardo_Avezzano_5-1024x682.jpg 1024w, https:\/\/www.radial.com\/wp-content\/uploads\/2025\/02\/21\/Leonardo_Avezzano_5-300x200.jpg 300w, https:\/\/www.radial.com\/wp-content\/uploads\/2025\/02\/21\/Leonardo_Avezzano_5-768x511.jpg 768w, https:\/\/www.radial.com\/wp-content\/uploads\/2025\/02\/21\/Leonardo_Avezzano_5-901x600.jpg 901w, https:\/\/www.radial.com\/wp-content\/uploads\/2025\/02\/21\/Leonardo_Avezzano_5-541x360.jpg 541w, https:\/\/www.radial.com\/wp-content\/uploads\/2025\/02\/21\/Leonardo_Avezzano_5-1081x720.jpg 1081w, https:\/\/www.radial.com\/wp-content\/uploads\/2025\/02\/21\/Leonardo_Avezzano_5-450x300.jpg 450w, https:\/\/www.radial.com\/wp-content\/uploads\/2025\/02\/21\/Leonardo_Avezzano_5-900x600.jpg 900w, https:\/\/www.radial.com\/wp-content\/uploads\/2025\/02\/21\/Leonardo_Avezzano_5-942x628.jpg 942w, https:\/\/www.radial.com\/wp-content\/uploads\/2025\/02\/21\/Leonardo_Avezzano_5-1122x748.jpg 1122w, https:\/\/www.radial.com\/wp-content\/uploads\/2025\/02\/21\/Leonardo_Avezzano_5-345x230.jpg 345w, https:\/\/www.radial.com\/wp-content\/uploads\/2025\/02\/21\/Leonardo_Avezzano_5-691x460.jpg 691w, https:\/\/www.radial.com\/wp-content\/uploads\/2025\/02\/21\/Leonardo_Avezzano_5-601x400.jpg 601w, https:\/\/www.radial.com\/wp-content\/uploads\/2025\/02\/21\/Leonardo_Avezzano_5-1201x800.jpg 1201w, https:\/\/www.radial.com\/wp-content\/uploads\/2025\/02\/21\/Leonardo_Avezzano_5-369x246.jpg 369w, https:\/\/www.radial.com\/wp-content\/uploads\/2025\/02\/21\/Leonardo_Avezzano_5-738x492.jpg 738w, https:\/\/www.radial.com\/wp-content\/uploads\/2025\/02\/21\/Leonardo_Avezzano_5-495x330.jpg 495w, https:\/\/www.radial.com\/wp-content\/uploads\/2025\/02\/21\/Leonardo_Avezzano_5-990x660.jpg 990w, https:\/\/www.radial.com\/wp-content\/uploads\/2025\/02\/21\/Leonardo_Avezzano_5-676x450.jpg 676w, https:\/\/www.radial.com\/wp-content\/uploads\/2025\/02\/21\/Leonardo_Avezzano_5-1351x900.jpg 1351w, https:\/\/www.radial.com\/wp-content\/uploads\/2025\/02\/21\/Leonardo_Avezzano_5-387x258.jpg 387w, https:\/\/www.radial.com\/wp-content\/uploads\/2025\/02\/21\/Leonardo_Avezzano_5-774x515.jpg 774w, https:\/\/www.radial.com\/wp-content\/uploads\/2025\/02\/21\/Leonardo_Avezzano_5-113x75.jpg 113w, https:\/\/www.radial.com\/wp-content\/uploads\/2025\/02\/21\/Leonardo_Avezzano_5-225x150.jpg 225w, https:\/\/www.radial.com\/wp-content\/uploads\/2025\/02\/21\/Leonardo_Avezzano_5-216x144.jpg 216w, https:\/\/www.radial.com\/wp-content\/uploads\/2025\/02\/21\/Leonardo_Avezzano_5-432x288.jpg 432w, https:\/\/www.radial.com\/wp-content\/uploads\/2025\/02\/21\/Leonardo_Avezzano_5-246x164.jpg 246w, https:\/\/www.radial.com\/wp-content\/uploads\/2025\/02\/21\/Leonardo_Avezzano_5-492x328.jpg 492w, https:\/\/www.radial.com\/wp-content\/uploads\/2025\/02\/21\/Leonardo_Avezzano_5-188x125.jpg 188w, https:\/\/www.radial.com\/wp-content\/uploads\/2025\/02\/21\/Leonardo_Avezzano_5-375x250.jpg 375w, https:\/\/www.radial.com\/wp-content\/uploads\/2025\/02\/21\/Leonardo_Avezzano_5-751x500.jpg 751w, https:\/\/www.radial.com\/wp-content\/uploads\/2025\/02\/21\/Leonardo_Avezzano_5-469x312.jpg 469w, https:\/\/www.radial.com\/wp-content\/uploads\/2025\/02\/21\/Leonardo_Avezzano_5-938x625.jpg 938w, https:\/\/www.radial.com\/wp-content\/uploads\/2025\/02\/21\/Leonardo_Avezzano_5-690x460.jpg 690w, https:\/\/www.radial.com\/wp-content\/uploads\/2025\/02\/21\/Leonardo_Avezzano_5-1380x920.jpg 1380w, https:\/\/www.radial.com\/wp-content\/uploads\/2025\/02\/21\/Leonardo_Avezzano_5-342x228.jpg 342w, https:\/\/www.radial.com\/wp-content\/uploads\/2025\/02\/21\/Leonardo_Avezzano_5-684x456.jpg 684w, https:\/\/www.radial.com\/wp-content\/uploads\/2025\/02\/21\/Leonardo_Avezzano_5-978x652.jpg 978w, https:\/\/www.radial.com\/wp-content\/uploads\/2025\/02\/21\/Leonardo_Avezzano_5-696x464.jpg 696w, https:\/\/www.radial.com\/wp-content\/uploads\/2025\/02\/21\/Leonardo_Avezzano_5-1392x928.jpg 1392w, https:\/\/www.radial.com\/wp-content\/uploads\/2025\/02\/21\/Leonardo_Avezzano_5-390x260.jpg 390w, https:\/\/www.radial.com\/wp-content\/uploads\/2025\/02\/21\/Leonardo_Avezzano_5-780x520.jpg 780w, https:\/\/www.radial.com\/wp-content\/uploads\/2025\/02\/21\/Leonardo_Avezzano_5-946x630.jpg 946w, https:\/\/www.radial.com\/wp-content\/uploads\/2025\/02\/21\/Leonardo_Avezzano_5-704x469.jpg 704w, https:\/\/www.radial.com\/wp-content\/uploads\/2025\/02\/21\/Leonardo_Avezzano_5-1408x938.jpg 1408w, https:\/\/www.radial.com\/wp-content\/uploads\/2025\/02\/21\/Leonardo_Avezzano_5-960x640.jpg 960w, https:\/\/www.radial.com\/wp-content\/uploads\/2025\/02\/21\/Leonardo_Avezzano_5-705x470.jpg 705w, https:\/\/www.radial.com\/wp-content\/uploads\/2025\/02\/21\/Leonardo_Avezzano_5-1410x940.jpg 1410w, https:\/\/www.radial.com\/wp-content\/uploads\/2025\/02\/21\/Leonardo_Avezzano_5-769x512.jpg 769w, https:\/\/www.radial.com\/wp-content\/uploads\/2025\/02\/21\/Leonardo_Avezzano_5-634x422.jpg 634w, https:\/\/www.radial.com\/wp-content\/uploads\/2025\/02\/21\/Leonardo_Avezzano_5-1267x844.jpg 1267w, https:\/\/www.radial.com\/wp-content\/uploads\/2025\/02\/21\/Leonardo_Avezzano_5-282x188.jpg 282w, https:\/\/www.radial.com\/wp-content\/uploads\/2025\/02\/21\/Leonardo_Avezzano_5-565x376.jpg 565w, https:\/\/www.radial.com\/wp-content\/uploads\/2025\/02\/21\/Leonardo_Avezzano_5-230x153.jpg 230w, https:\/\/www.radial.com\/wp-content\/uploads\/2025\/02\/21\/Leonardo_Avezzano_5-460x306.jpg 460w, https:\/\/www.radial.com\/wp-content\/uploads\/2025\/02\/21\/Leonardo_Avezzano_5-518x345.jpg 518w, https:\/\/www.radial.com\/wp-content\/uploads\/2025\/02\/21\/Leonardo_Avezzano_5-1036x690.jpg 1036w, https:\/\/www.radial.com\/wp-content\/uploads\/2025\/02\/21\/Leonardo_Avezzano_5-350x233.jpg 350w, https:\/\/www.radial.com\/wp-content\/uploads\/2025\/02\/21\/Leonardo_Avezzano_5-700x466.jpg 700w, https:\/\/www.radial.com\/wp-content\/uploads\/2025\/02\/21\/Leonardo_Avezzano_5-176x117.jpg 176w, https:\/\/www.radial.com\/wp-content\/uploads\/2025\/02\/21\/Leonardo_Avezzano_5-352x234.jpg 352w, https:\/\/www.radial.com\/wp-content\/uploads\/2025\/02\/21\/Leonardo_Avezzano_5-46x31.jpg 46w, https:\/\/www.radial.com\/wp-content\/uploads\/2025\/02\/21\/Leonardo_Avezzano_5-92x61.jpg 92w, https:\/\/www.radial.com\/wp-content\/uploads\/2025\/02\/21\/Leonardo_Avezzano_5.jpg 1440w\" sizes=\"(max-width: 1024px) 100vw, 1024px\" \/><\/figure><\/div>\n\n\n<div class=\"core-paragraph-block\">\n<p>In der schnelllebigen Welt des Ecommerce ist diese Denkweise unerl\u00e4sslich. Seine Botschaft inspirierte die Teilnehmer, ihren Blick auf Ver\u00e4nderung zu \u00fcberdenken. Statt sie als Hindernis zu sehen, wurden sie ermutigt, sie als Katalysator f\u00fcr Innovation und Wachstum zu begreifen.<\/p>\n<\/div>\n\n<div class=\"core-heading-block\" data-heading-level=\"2\">\n<h2 class=\"wp-block-heading\">Ein au\u00dfergew\u00f6hnliches kulinarisches Erlebnis<\/h2>\n<\/div>\n\n<div class=\"core-paragraph-block\">\n<p>Die G\u00e4ste erlebten zudem ein einzigartiges &#8220;Reise um die Welt&#8221;-Dinner, kreiert von <strong>Michelin-<a href=\"https:\/\/www.linkedin.com\/in\/micha-van-der-veen-5a5a48209\/?originalSubdomain=nl\">Sternekoch Micha van der Veen<\/a>. <\/strong>Trotz seines jungen Alters von nur 27 Jahren hat er sich bereits einen Namen in der gehobenen Gastronomie gemacht \u2013 unter anderem mit seinem beeindruckenden 3. Platz beim renommierten Bocuse d\u2019Or-Wettbewerb. Seine Philosophie: frische, saisonale Zutaten, die Gerichte zu einem sensorischen Erlebnis machen. Jedes seiner Signature-Dishes soll die Sinne wecken und Emotionen hervorrufen.<\/p>\n<\/div>\n\n<div class=\"core-paragraph-block\">\n<p>Bevor er seine eigene kulinarische Reise begann, arbeitete Micha als Chef de Partie im ber\u00fchmten Drei-Sterne-Restaurant The Librije in Zwolle. Sein au\u00dfergew\u00f6hnliches Talent zeigte sich auch bei diesem Event, als er die G\u00e4ste mit einem mehrg\u00e4ngigen Men\u00fc begeisterte \u2013 perfekt abgestimmt auf das Leitthema der Veranstaltung: Innovation.<\/p>\n<\/div>\n\n<div class=\"core-heading-block\" data-heading-level=\"2\">\n<h2 class=\"wp-block-heading\">Stimmen vom Event: Teilnehmer-Feedback<\/h2>\n<\/div>\n\n<div class=\"core-paragraph-block\">\n<p>Mit hochrangigen F\u00fchrungskr\u00e4ften und Ecommerce-Experten bot das Event eine seltene Gelegenheit f\u00fcr wertvolles Networking. Die G\u00e4ste konnten sich direkt mit dem Radial-Team und untereinander austauschen \u2013 \u00fcber Herausforderungen und Chancen im heutigen Ecommerce.<\/p>\n<\/div>\n\n<div class=\"core-paragraph-block\">\n<p>Hier einige Stimmen der Teilnehmer:<\/p>\n<\/div>\n\n<div class=\"core-paragraph-block\">\n<p><em>\u201eDanke f\u00fcr die Einladung. Ich habe die \u201aTotal Experience\u2018 wirklich genossen. Der Speaker, die Location und die inspirierenden Gespr\u00e4che machten den Tag perfekt.\u201c<\/em> \u2013 Adrian Pritchard<\/p>\n<\/div>\n\n<div class=\"core-paragraph-block\">\n<p><em>\u201eVielen Dank f\u00fcr die Einladung. Es war ein gro\u00dfartiges <\/em>Event!\u201c<strong> <\/strong>\u2013 Maike Hoek<\/p>\n<\/div>\n\n<div class=\"core-paragraph-block\">\n<p><em>\u201eDanke f\u00fcr die Einladung, es war gestern ein beeindruckendes Event. Ich habe die Gelegenheit sehr gesch\u00e4tzt.\u201c <\/em>\u2013 Marko Obrknezev<\/p>\n<\/div>\n\n<div class=\"core-paragraph-block\">\n<p><em>\u201eHerzlichen Gl\u00fcckwunsch zu dieser Idee! Es war ein wirklich sch\u00f6ner Abend \u2013 mit exzellentem Essen, einer tollen Location und inspirierenden Fachleuten.\u201c<\/em> \u2013 Alberto del Santo<\/p>\n<\/div>\n\n<div class=\"core-heading-block\" data-heading-level=\"2\">\n<h2 class=\"wp-block-heading\">Wie geht es weiter?<\/h2>\n<\/div>\n\n<div class=\"core-paragraph-block\">\n<p>Dieses Event war erst der Anfang. Wir freuen uns darauf, diese wichtigen Gespr\u00e4che fortzuf\u00fchren und weiter zu erforschen, wie Radial Unternehmen dabei unterst\u00fctzen kann, neue Fulfillment-Potenziale zu erschlie\u00dfen. <strong>N\u00e4chster Halt: Mailand, M\u00e4rz 2025 <\/strong>\u2013 dort setzen wir die Diskussion \u00fcber die Zukunft des Ecommerce fort und zeigen, wie Radials L\u00f6sungen Unternehmen zum Erfolg f\u00fchren.<\/p>\n<\/div>\n\n<div class=\"core-paragraph-block\">\n<p>Bleiben Sie gespannt auf weitere Events und neue Gelegenheiten, sich mit Radial zu vernetzen.<\/p>\n<\/div>\n<\/div>","protected":false},"excerpt":{"rendered":"","protected":false},"featured_media":0,"template":"","insight_type":[],"solution":[422],"class_list":["post-71098","insight","type-insight","status-publish","hentry"],"acf":[],"_links":{"self":[{"href":"https:\/\/www.radial.com\/de\/wp-json\/wp\/v2\/insight\/71098","targetHints":{"allow":["GET"]}}],"collection":[{"href":"https:\/\/www.radial.com\/de\/wp-json\/wp\/v2\/insight"}],"about":[{"href":"https:\/\/www.radial.com\/de\/wp-json\/wp\/v2\/types\/insight"}],"version-history":[{"count":4,"href":"https:\/\/www.radial.com\/de\/wp-json\/wp\/v2\/insight\/71098\/revisions"}],"predecessor-version":[{"id":71126,"href":"https:\/\/www.radial.com\/de\/wp-json\/wp\/v2\/insight\/71098\/revisions\/71126"}],"wp:attachment":[{"href":"https:\/\/www.radial.com\/de\/wp-json\/wp\/v2\/media?parent=71098"}],"wp:term":[{"taxonomy":"insight_type","embeddable":true,"href":"https:\/\/www.radial.com\/de\/wp-json\/wp\/v2\/insight_type?post=71098"},{"taxonomy":"solution","embeddable":true,"href":"https:\/\/www.radial.com\/de\/wp-json\/wp\/v2\/solution?post=71098"}],"curies":[{"name":"wp","href":"https:\/\/api.w.org\/{rel}","templated":true}]}}